{"id":314,"date":"2024-11-02T09:04:31","date_gmt":"2024-11-02T08:04:31","guid":{"rendered":"https:\/\/wordpress.p390872.webspaceconfig.de\/?page_id=314"},"modified":"2024-11-03T14:59:11","modified_gmt":"2024-11-03T13:59:11","slug":"verkaufen-vermieten","status":"publish","type":"page","link":"https:\/\/www.sp-mallorca.com\/es\/verkaufen-vermieten\/","title":{"rendered":"Verkaufen und Vermieten"},"content":{"rendered":"<p><br \/>\n<a href=\"#\"><img loading=\"lazy\" decoding=\"async\" src=\"https:\/\/www.sp-mallorca.com\/wp-content\/uploads\/2017\/01\/logosteffek-300x237.jpg\" alt=\"Mallorca Immobilien, Inmobiliaria, Real Estate, Verkauf und Vermietung, Makler Immobilienb\u00fcro, Agentur Mallorca S\u00fcdwest El Toro Calvi\u00e1 Spanien Spain, Immobilien Mallorca, g\u00fcnstige Immobilien Mallorca, Langzeitmiete Mallorca S\u00fcdwesten, Immobilien Mallorca S\u00fcdwest, Immobilien Mallorca mieten, Santa ponsa Immobilien kaufen. Steffek und Partner Immobilien SLU-Mallorca\" width=\"300\" height=\"237\" class=\"aligncenter size-medium wp-image-304\" srcset=\"https:\/\/www.sp-mallorca.com\/wp-content\/uploads\/2017\/01\/logosteffek-300x237.jpg 300w, https:\/\/www.sp-mallorca.com\/wp-content\/uploads\/2017\/01\/logosteffek-380x300.jpg 380w, https:\/\/www.sp-mallorca.com\/wp-content\/uploads\/2017\/01\/logosteffek.jpg 474w\" sizes=\"auto, (max-width: 300px) 100vw, 300px\" \/><\/a><\/p>\n<h1 style=\"text-align: center;\"><span style=\"font-size: 30px; color: #a72c7c;\">Verkauf Ihrer Immobilie auf Mallorca<\/span><\/h1>\n<p style=\"text-align: center;\"><span style=\"font-size: 18px;\">Ich m\u00f6chte meine Immobilie auf Mallorca verkaufen<\/span><\/p>\n<p>Ob Wohnung, Penthaus, Ferienapartment, Villa oder Grundst\u00fcck. Wir stehen Ihnen mit Rat und Tat, von der Analyse bis zum Verkauf, zur Seite.<\/p>\n<p>Wir sind ein unternehmergeg\u00fchrtes Immobilienb\u00fcro in dem Sie ganz pers\u00f6nlich, nur von der Inhaberin Ina Simone Steffek betreut und beraten werden. Wir verf\u00fcgen \u00fcber 11 Jahre Erfahrung auf dem mallorquinischen Immobilienmarkt und ich als Firmeninhaber begleite Sie vom ersten Gespr\u00e4ch bis zur Kaufabwicklung.<\/p>\n<p>Rufen Sie uns einfach an und wir beraten Sie gerne bei einem pers\u00f6nlichen Termin.<\/p>\n<p>Die verbindliche Informationsanfrage f\u00fchrt Sie direkt zu uns und wir rufen Sie gerne zur\u00fcck.<\/p>\n<p style=\"text-align: center;\">Wir freuen uns auf Sie!<\/p>\n<section class=\"contactform\">\r\n\r\n    <div class=\"container\">\r\n\t\t<form method=\"post\" id=\"onoffice-form\">\r\n\r\n\t\t\t<input type=\"hidden\" name=\"oo_formid\" value=\"Eigentuemerformular\">\r\n\t\t\t<input type=\"hidden\" name=\"oo_formno\" value=\"3\">\r\n\t\t<div class=\"formfield\"><label>Nombre*<\/label><input type=\"text\"required aria-required='true' aria-invalid='false' name=\"Vorname\" value=\"\" autocomplete=\"given-name\"><span class='error' aria-hidden='true' aria-atomic='true'><p>Por favor, introduce un texto.<\/p><\/span><\/div><div class=\"formfield\"><label>Apellido*<\/label><input type=\"text\"required aria-required='true' aria-invalid='false' name=\"Name\" value=\"\" autocomplete=\"family-name\"><span class='error' aria-hidden='true' aria-atomic='true'><p>Por favor, introduce un texto.<\/p><\/span><\/div><div class=\"formfield\"><label>Calle<\/label><input type=\"text\" name=\"Strasse\" value=\"\" autocomplete=\"street-address\"><\/div><div class=\"formfield\"><label>C\u00f3digo postal<\/label><input type=\"text\" name=\"Plz\" value=\"\" autocomplete=\"postal-code\"><\/div><div class=\"formfield\"><label>Localidad<\/label><input type=\"text\" name=\"Ort\" value=\"\" autocomplete=\"address-level2\"><\/div><div class=\"formfield\"><label>N\u00fameros de tel\u00e9fono<\/label><input type=\"text\" name=\"Telefon1\" value=\"\" autocomplete=\"tel\"><\/div><div class=\"formfield\"><label>E-mail*<\/label><input type=\"email\"required aria-required='true' aria-invalid='false' name=\"Email\" value=\"\" autocomplete=\"email\"><span class='error' aria-hidden='true' aria-atomic='true'><p>Por favor, introduce una direcci\u00f3n de correo electr\u00f3nico v\u00e1lida.<\/p><\/span><\/div><div class=\"formfield\"><label>M\u00e9todo de comercializaci\u00f3n<\/label><select data-placeholder=\"Seleccione M\u00e9todo de comercializaci\u00f3n\" id=\"vermarktungsart\" aria-hidden=\"true\" class=\"custom-single-select-tom\" autocomplete=\"off\" size=\"1\" name=\"vermarktungsart\" ><option value=\"\">Seleccione M\u00e9todo de comercializaci\u00f3n<\/option><option value=\"erbpacht\">Alquiler de terrenos<\/option><option value=\"kauf\">Compra<\/option><option value=\"miete\">Alquiler<\/option><option value=\"pacht\">Arrendamiento<\/option><\/select><\/div><div class=\"formfield\"><label>Mensaje<\/label><input type=\"text\" name=\"message\" value=\"\" autocomplete=\"off\"><\/div>mensaje:<br>\r\n\t\t\t\t<textarea name=\"message\"><\/textarea><br>\t\r\n\t\t\t\t\t\t\t<br>\r\n\t\t\t\t<input id=\"checkBox\" type=\"checkbox\" required  name=\"gdprcheckbox\" value=\"1\" >\r\n\t\t\t\t<span style=\"font-size:12px;font-weight:normal;\">Aceptar <a href=\"\/datenschutzerklaerung\/\" rel=\"noopener\" target=\"_blank\">la pol\u00edtica de privacidad: *<\/a><\/span>\r\n\t\t\t\r\n\t\t\t<p>\r\n\t\t\t\tEste sitio est\u00e1 protegido por reCAPTCHA\t\t\t\t<a href=\"https:\/\/policies.google.com\/privacy\" target=\"_blank\">y los T\u00e9rminos de servicio de Google<\/a>\r\n\t\t\t\tand\t\t\t\t<a href=\"https:\/\/policies.google.com\/terms\" target=\"_blank\">Terms of Service.<\/a>\r\n\t\t\t<\/p>\r\n\t\t\t\t\r\n\t\t    <script>\n        function submitForm3() {\n            const selectorFormById = `form[id^=\"onoffice-form\"] input[name=\"oo_formno\"][value=\"3\"]`;\n            const form = document.querySelector(selectorFormById).closest('#onoffice-form, .oo-form, #leadgeneratorform');\n            const submitButtonElement = form.querySelector('.submit_button');\n            form.submit();\n            submitButtonElement.disabled = true;\n            submitButtonElement.classList.add('onoffice-unclickable-form');\n        }\n    <\/script>\n    <div class=\"g-recaptcha\"\n        data-sitekey=\"6LeAr8UUAAAAAOPBqXNYnFd30ZYRFLIdD_rXTRxl\" \n        data-callback=\"submitForm3\" data-size=\"invisible\">\n    <\/div>\n    <button class=\"submit_button\">Enviar<\/button>\n    <script>\n        (function() {\n            const selectorFormById = `form[id^=\"onoffice-form\"] input[name=\"oo_formno\"][value=\"3\"]`;\n            const form = document.querySelector(selectorFormById).closest('#onoffice-form, .oo-form, #leadgeneratorform');\n            const submitButtonElement = form.querySelector('.submit_button');\n            if (typeof onOffice !== 'undefined' && onOffice.captchaControl) {\n                onOffice.captchaControl(form, submitButtonElement);\n            }\n        })();\n    <\/script>\n\t\t<\/form>\r\n\r\n\t<\/div>\r\n\r\n<\/section>\t\t\r\n\t\t\n<p><\/p>","protected":false},"excerpt":{"rendered":"Verkauf Ihrer Immobilie auf Mallorca Ich m\u00f6chte meine Immobilie auf Mallorca verkaufen Ob Wohnung, Penthaus, Ferienapartment, Villa oder Grundst\u00fcck. Wir stehen Ihnen mit Rat und Tat, von der Analyse bis zum Verkauf, zur Seite. Wir sind ein unternehmergeg\u00fchrtes Immobilienb\u00fcro in &hellip; <a href=\"https:\/\/www.sp-mallorca.com\/es\/verkaufen-vermieten\/\">Sigue leyendo <span class=\"meta-nav\">&rarr;<\/span><\/a>","protected":false},"author":7,"featured_media":0,"parent":0,"menu_order":2,"comment_status":"closed","ping_status":"closed","template":"","meta":{"_acf_changed":false,"footnotes":""},"class_list":["post-314","page","type-page","status-publish","hentry"],"acf":[],"yoast_head":"<!-- This site is optimized with the Yoast SEO plugin v27.4 - https:\/\/yoast.com\/product\/yoast-seo-wordpress\/ -->\n<title>Verkaufen und Vermieten - Steffek und Partner Immobilien SLU-Mallorca Immobilien Verkauf Vermietung S\u00fcdwesten Mallorca kaufen mieten<\/title>\n<meta name=\"robots\" content=\"index, follow, max-snippet:-1, max-image-preview:large, max-video-preview:-1\" \/>\n<link rel=\"canonical\" href=\"https:\/\/www.sp-mallorca.com\/verkaufen-vermieten\/\" \/>\n<meta property=\"og:locale\" content=\"es_ES\" \/>\n<meta property=\"og:type\" content=\"article\" \/>\n<meta property=\"og:title\" content=\"Verkaufen und Vermieten - Steffek und Partner Immobilien SLU-Mallorca Immobilien Verkauf Vermietung S\u00fcdwesten Mallorca kaufen mieten\" \/>\n<meta property=\"og:description\" content=\"Verkauf Ihrer Immobilie auf Mallorca Ich m\u00f6chte meine Immobilie auf Mallorca verkaufen Ob Wohnung, Penthaus, Ferienapartment, Villa oder Grundst\u00fcck. Wir stehen Ihnen mit Rat und Tat, von der Analyse bis zum Verkauf, zur Seite. Wir sind ein unternehmergeg\u00fchrtes Immobilienb\u00fcro in &hellip; Sigue leyendo &rarr;\" \/>\n<meta property=\"og:url\" content=\"https:\/\/www.sp-mallorca.com\/verkaufen-vermieten\/\" \/>\n<meta property=\"og:site_name\" content=\"Steffek und Partner Immobilien SLU-Mallorca Immobilien Verkauf Vermietung S\u00fcdwesten Mallorca kaufen mieten\" \/>\n<meta property=\"article:modified_time\" content=\"2024-11-03T13:59:11+00:00\" \/>\n<meta property=\"og:image\" content=\"https:\/\/www.sp-mallorca.com\/wp-content\/uploads\/2017\/01\/logosteffek.jpg\" \/>\n\t<meta property=\"og:image:width\" content=\"474\" \/>\n\t<meta property=\"og:image:height\" content=\"374\" \/>\n\t<meta property=\"og:image:type\" content=\"image\/jpeg\" \/>\n<meta name=\"twitter:card\" content=\"summary_large_image\" \/>\n<meta name=\"twitter:label1\" content=\"Tiempo de lectura\" \/>\n\t<meta name=\"twitter:data1\" content=\"2 minutos\" \/>\n<script type=\"application\/ld+json\" class=\"yoast-schema-graph\">{\"@context\":\"https:\\\/\\\/schema.org\",\"@graph\":[{\"@type\":\"WebPage\",\"@id\":\"https:\\\/\\\/www.sp-mallorca.com\\\/verkaufen-vermieten\\\/\",\"url\":\"https:\\\/\\\/www.sp-mallorca.com\\\/verkaufen-vermieten\\\/\",\"name\":\"Verkaufen und Vermieten - Steffek und Partner Immobilien SLU-Mallorca Immobilien Verkauf Vermietung S\u00fcdwesten Mallorca kaufen mieten\",\"isPartOf\":{\"@id\":\"https:\\\/\\\/www.sp-mallorca.com\\\/de\\\/#website\"},\"primaryImageOfPage\":{\"@id\":\"https:\\\/\\\/www.sp-mallorca.com\\\/verkaufen-vermieten\\\/#primaryimage\"},\"image\":{\"@id\":\"https:\\\/\\\/www.sp-mallorca.com\\\/verkaufen-vermieten\\\/#primaryimage\"},\"thumbnailUrl\":\"https:\\\/\\\/www.sp-mallorca.com\\\/wp-content\\\/uploads\\\/2017\\\/01\\\/logosteffek-300x237.jpg\",\"datePublished\":\"2024-11-02T08:04:31+00:00\",\"dateModified\":\"2024-11-03T13:59:11+00:00\",\"breadcrumb\":{\"@id\":\"https:\\\/\\\/www.sp-mallorca.com\\\/verkaufen-vermieten\\\/#breadcrumb\"},\"inLanguage\":\"es\",\"potentialAction\":[{\"@type\":\"ReadAction\",\"target\":[\"https:\\\/\\\/www.sp-mallorca.com\\\/verkaufen-vermieten\\\/\"]}]},{\"@type\":\"ImageObject\",\"inLanguage\":\"es\",\"@id\":\"https:\\\/\\\/www.sp-mallorca.com\\\/verkaufen-vermieten\\\/#primaryimage\",\"url\":\"https:\\\/\\\/www.sp-mallorca.com\\\/wp-content\\\/uploads\\\/2017\\\/01\\\/logosteffek-300x237.jpg\",\"contentUrl\":\"https:\\\/\\\/www.sp-mallorca.com\\\/wp-content\\\/uploads\\\/2017\\\/01\\\/logosteffek-300x237.jpg\"},{\"@type\":\"BreadcrumbList\",\"@id\":\"https:\\\/\\\/www.sp-mallorca.com\\\/verkaufen-vermieten\\\/#breadcrumb\",\"itemListElement\":[{\"@type\":\"ListItem\",\"position\":1,\"name\":\"Startseite\",\"item\":\"https:\\\/\\\/www.sp-mallorca.com\\\/\"},{\"@type\":\"ListItem\",\"position\":2,\"name\":\"[:de]Verkaufen und Vermieten[:en]Verkaufen\\\/ Vermieten[:es]Verkaufen und Vermieten[:]\"}]},{\"@type\":\"WebSite\",\"@id\":\"https:\\\/\\\/www.sp-mallorca.com\\\/de\\\/#website\",\"url\":\"https:\\\/\\\/www.sp-mallorca.com\\\/de\\\/\",\"name\":\"Steffek und Partner Immobilien SLU-Mallorca Immobilien Verkauf Vermietung S\u00fcdwesten Mallorca kaufen mieten\",\"description\":\"Mallorca Immobilien, Inmobiliaria, Real Estate, Verkauf und Vermietung, Makler Immobilienb\u00fcro, Agentur Mallorca S\u00fcdwest El Toro Calvi\u00e1 Spanien Spain, Immobilien Mallorca, g\u00fcnstige Immobilien Mallorca, Langzeitmiete Mallorca S\u00fcdwesten, Immobilien Mallorca S\u00fcdwest, Immobilien Mallorca mieten, Santa ponsa Immobilien kaufen. \u00a0 \u00a0\",\"potentialAction\":[{\"@type\":\"SearchAction\",\"target\":{\"@type\":\"EntryPoint\",\"urlTemplate\":\"https:\\\/\\\/www.sp-mallorca.com\\\/de\\\/?s={search_term_string}\"},\"query-input\":{\"@type\":\"PropertyValueSpecification\",\"valueRequired\":true,\"valueName\":\"search_term_string\"}}],\"inLanguage\":\"es\"}]}<\/script>\n<!-- \/ Yoast SEO plugin. -->","yoast_head_json":{"title":"Verkaufen und Vermieten - Steffek und Partner Immobilien SLU-Mallorca Immobilien Verkauf Vermietung S\u00fcdwesten Mallorca kaufen mieten","robots":{"index":"index","follow":"follow","max-snippet":"max-snippet:-1","max-image-preview":"max-image-preview:large","max-video-preview":"max-video-preview:-1"},"canonical":"https:\/\/www.sp-mallorca.com\/verkaufen-vermieten\/","og_locale":"es_ES","og_type":"article","og_title":"Verkaufen und Vermieten - Steffek und Partner Immobilien SLU-Mallorca Immobilien Verkauf Vermietung S\u00fcdwesten Mallorca kaufen mieten","og_description":"Verkauf Ihrer Immobilie auf Mallorca Ich m\u00f6chte meine Immobilie auf Mallorca verkaufen Ob Wohnung, Penthaus, Ferienapartment, Villa oder Grundst\u00fcck. Wir stehen Ihnen mit Rat und Tat, von der Analyse bis zum Verkauf, zur Seite. Wir sind ein unternehmergeg\u00fchrtes Immobilienb\u00fcro in &hellip; Sigue leyendo &rarr;","og_url":"https:\/\/www.sp-mallorca.com\/verkaufen-vermieten\/","og_site_name":"Steffek und Partner Immobilien SLU-Mallorca Immobilien Verkauf Vermietung S\u00fcdwesten Mallorca kaufen mieten","article_modified_time":"2024-11-03T13:59:11+00:00","og_image":[{"width":474,"height":374,"url":"https:\/\/www.sp-mallorca.com\/wp-content\/uploads\/2017\/01\/logosteffek.jpg","type":"image\/jpeg"}],"twitter_card":"summary_large_image","twitter_misc":{"Tiempo de lectura":"2 minutos"},"schema":{"@context":"https:\/\/schema.org","@graph":[{"@type":"WebPage","@id":"https:\/\/www.sp-mallorca.com\/verkaufen-vermieten\/","url":"https:\/\/www.sp-mallorca.com\/verkaufen-vermieten\/","name":"Verkaufen und Vermieten - Steffek und Partner Immobilien SLU-Mallorca Immobilien Verkauf Vermietung S\u00fcdwesten Mallorca kaufen mieten","isPartOf":{"@id":"https:\/\/www.sp-mallorca.com\/de\/#website"},"primaryImageOfPage":{"@id":"https:\/\/www.sp-mallorca.com\/verkaufen-vermieten\/#primaryimage"},"image":{"@id":"https:\/\/www.sp-mallorca.com\/verkaufen-vermieten\/#primaryimage"},"thumbnailUrl":"https:\/\/www.sp-mallorca.com\/wp-content\/uploads\/2017\/01\/logosteffek-300x237.jpg","datePublished":"2024-11-02T08:04:31+00:00","dateModified":"2024-11-03T13:59:11+00:00","breadcrumb":{"@id":"https:\/\/www.sp-mallorca.com\/verkaufen-vermieten\/#breadcrumb"},"inLanguage":"es","potentialAction":[{"@type":"ReadAction","target":["https:\/\/www.sp-mallorca.com\/verkaufen-vermieten\/"]}]},{"@type":"ImageObject","inLanguage":"es","@id":"https:\/\/www.sp-mallorca.com\/verkaufen-vermieten\/#primaryimage","url":"https:\/\/www.sp-mallorca.com\/wp-content\/uploads\/2017\/01\/logosteffek-300x237.jpg","contentUrl":"https:\/\/www.sp-mallorca.com\/wp-content\/uploads\/2017\/01\/logosteffek-300x237.jpg"},{"@type":"BreadcrumbList","@id":"https:\/\/www.sp-mallorca.com\/verkaufen-vermieten\/#breadcrumb","itemListElement":[{"@type":"ListItem","position":1,"name":"Startseite","item":"https:\/\/www.sp-mallorca.com\/"},{"@type":"ListItem","position":2,"name":"[:de]Verkaufen und Vermieten[:en]Verkaufen\/ Vermieten[:es]Verkaufen und Vermieten[:]"}]},{"@type":"WebSite","@id":"https:\/\/www.sp-mallorca.com\/de\/#website","url":"https:\/\/www.sp-mallorca.com\/de\/","name":"Steffek und Partner Immobilien SLU-Mallorca Immobilien Verkauf Vermietung S\u00fcdwesten Mallorca kaufen mieten","description":"Mallorca Immobilien, Inmobiliaria, Real Estate, Verkauf und Vermietung, Makler Immobilienb\u00fcro, Agentur Mallorca S\u00fcdwest El Toro Calvi\u00e1 Spanien Spain, Immobilien Mallorca, g\u00fcnstige Immobilien Mallorca, Langzeitmiete Mallorca S\u00fcdwesten, Immobilien Mallorca S\u00fcdwest, Immobilien Mallorca mieten, Santa ponsa Immobilien kaufen. \u00a0 \u00a0","potentialAction":[{"@type":"SearchAction","target":{"@type":"EntryPoint","urlTemplate":"https:\/\/www.sp-mallorca.com\/de\/?s={search_term_string}"},"query-input":{"@type":"PropertyValueSpecification","valueRequired":true,"valueName":"search_term_string"}}],"inLanguage":"es"}]}},"_links":{"self":[{"href":"https:\/\/www.sp-mallorca.com\/es\/wp-json\/wp\/v2\/pages\/314","targetHints":{"allow":["GET"]}}],"collection":[{"href":"https:\/\/www.sp-mallorca.com\/es\/wp-json\/wp\/v2\/pages"}],"about":[{"href":"https:\/\/www.sp-mallorca.com\/es\/wp-json\/wp\/v2\/types\/page"}],"author":[{"embeddable":true,"href":"https:\/\/www.sp-mallorca.com\/es\/wp-json\/wp\/v2\/users\/7"}],"replies":[{"embeddable":true,"href":"https:\/\/www.sp-mallorca.com\/es\/wp-json\/wp\/v2\/comments?post=314"}],"version-history":[{"count":21,"href":"https:\/\/www.sp-mallorca.com\/es\/wp-json\/wp\/v2\/pages\/314\/revisions"}],"predecessor-version":[{"id":927,"href":"https:\/\/www.sp-mallorca.com\/es\/wp-json\/wp\/v2\/pages\/314\/revisions\/927"}],"wp:attachment":[{"href":"https:\/\/www.sp-mallorca.com\/es\/wp-json\/wp\/v2\/media?parent=314"}],"curies":[{"name":"wp","href":"https:\/\/api.w.org\/{rel}","templated":true}]}}