{"id":50,"date":"2024-11-02T08:46:28","date_gmt":"2024-11-02T07:46:28","guid":{"rendered":"https:\/\/wordpress.p390872.webspaceconfig.de\/?page_id=50"},"modified":"2024-11-03T15:01:08","modified_gmt":"2024-11-03T14:01:08","slug":"wer-sind-wir","status":"publish","type":"page","link":"https:\/\/www.sp-mallorca.com\/de\/wer-sind-wir\/","title":{"rendered":"Wer sind Wir?"},"content":{"rendered":"<p><\/p>\n<h1 style=\"text-align: center;\"><span style=\"font-size: 30px; color: #a72c7c;\">WE LOVE WHAT WE DO<\/span><br \/>\nProfitieren Sie von unserer Erfahrung!<\/h1>\n<p>Lieber Kunde,<br \/>\nsch\u00f6n das Sie auf unsere Webseite besuchen um Ihren Traum von einer Mallorca Immobilie zu verwirklichen. Ich und mein Team werden Sie mit unserer Erfahrung und unserer Professionalit\u00e4t unterst\u00fctzen, damit Ihr Wunsch von einer Immobilie auf Mallorca in Erf\u00fcllung geht.<\/p>\n<p><img decoding=\"async\" class=\"alignright\" title=\"Mallorca real estate, Steffek and partner real estate SLU-Mallorca\" src=\"https:\/\/www.sp-mallorca.com\/wp-content\/uploads\/2018\/02\/Ina-12-e1527601192236.jpg\" alt=\"Mallorca Immobilien, Inmobiliaria, Real Estate, Verkauf und Vermietung, Makler Immobilienb\u00fcro, Agentur Mallorca S\u00fcdwest El Toro Calvi\u00e1 Spanien Spain, Immobilien Mallorca, g\u00fcnstige Immobilien Mallorca, Langzeitmiete Mallorca S\u00fcdwesten, Immobilien Mallorca S\u00fcdwest, Immobilien Mallorca mieten, Santa ponsa Immobilien kaufen. Steffek und Partner Immobilien SLU-Mallorca\" width=\"250\" height=\"\" \/><\/p>\n<p>Unser Motto ist \u201eLiebe was Du tust und tue es mit Liebe\u201c.<\/p>\n<p>Nach diesem Motto\u00a0vermitteln wir seit 2006 erfolgreich Immobilien auf Mallorca.<br \/>\nWir freuen uns schon Sie pers\u00f6nlich begr\u00fc\u00dfen zu d\u00fcrfen.<\/p>\n<p>Ina Simone Steffek<br \/>\nDirektorin<\/p>\n<p>Mobile: 0034 639 872 689<\/p>\n<p><a class=\"\" href=\"mailto:info@sp-mallorca.com\"><i>info@sp-mallorca.com<\/i><\/a><\/p>\n<p style=\"text-align: none;\"><span style=\"font-size: 24px; color: #a72c7c;\">WE LOVE WHAT WE DO<\/span><br \/>\nProfitieren Sie von unserer Erfahrung!<\/p>\n<p style=\"text-align: none;\"><a title=\"Telefon Kontakt jetzt anrufen\" href=\"tel:+34639872689\"><i class=\"fa fa-fw fa-phone fa-lg\"><\/i> (+34) 639 872 689<\/a><\/p>\n<p style=\"text-align: none;\">www.sp-mallorca.com<br \/>\nCarrer Gran Via 24 Local E2, 07182 El Toro<\/p>\n<p><\/p>","protected":false},"excerpt":{"rendered":"WE LOVE WHAT WE DO Profitieren Sie von unserer Erfahrung! Lieber Kunde, sch\u00f6n das Sie auf unsere Webseite besuchen um Ihren Traum von einer Mallorca Immobilie zu verwirklichen. Ich und mein Team werden Sie mit unserer Erfahrung und unserer Professionalit\u00e4t &hellip; <a href=\"https:\/\/www.sp-mallorca.com\/de\/wer-sind-wir\/\">Weiterlesen <span class=\"meta-nav\">&rarr;<\/span><\/a>","protected":false},"author":7,"featured_media":0,"parent":0,"menu_order":5,"comment_status":"closed","ping_status":"closed","template":"sidebar-page.php","meta":{"_acf_changed":false,"footnotes":""},"class_list":["post-50","page","type-page","status-publish","hentry"],"acf":[],"yoast_head":"<!-- This site is optimized with the Yoast SEO plugin v27.4 - https:\/\/yoast.com\/product\/yoast-seo-wordpress\/ -->\n<title>Wer sind Wir? - Steffek und Partner Immobilien SLU-Mallorca Immobilien Verkauf Vermietung S\u00fcdwesten Mallorca kaufen mieten<\/title>\n<meta name=\"description\" content=\"Profitieren Sie von unserer Erfahrung. Ich und mein Team werden Sie mit unserer Erfahrung und unserer Professionalit\u00e4t unterst\u00fctzen\" \/>\n<meta name=\"robots\" content=\"index, follow, max-snippet:-1, max-image-preview:large, max-video-preview:-1\" \/>\n<link rel=\"canonical\" href=\"https:\/\/www.sp-mallorca.com\/wer-sind-wir\/\" \/>\n<meta property=\"og:locale\" content=\"de_DE\" \/>\n<meta property=\"og:type\" content=\"article\" \/>\n<meta property=\"og:title\" content=\"Wer sind Wir? - Steffek und Partner Immobilien SLU-Mallorca Immobilien Verkauf Vermietung S\u00fcdwesten Mallorca kaufen mieten\" \/>\n<meta property=\"og:description\" content=\"{:de}Profitieren Sie von unserer Erfahrung. Ich und mein Team werden Sie mit unserer Erfahrung und unserer Professionalit\u00e4t unterst\u00fctzen{:es}Profitieren Sie von unserer Erfahrung. Ich und mein Team werden Sie mit unserer Erfahrung und unserer Professionalit\u00e4t unterst\u00fctzen{:}\" \/>\n<meta property=\"og:url\" content=\"https:\/\/www.sp-mallorca.com\/wer-sind-wir\/\" \/>\n<meta property=\"og:site_name\" content=\"Steffek und Partner Immobilien SLU-Mallorca Immobilien Verkauf Vermietung S\u00fcdwesten Mallorca kaufen mieten\" \/>\n<meta property=\"article:modified_time\" content=\"2024-11-03T14:01:08+00:00\" \/>\n<meta property=\"og:image\" content=\"https:\/\/www.sp-mallorca.com\/wp-content\/uploads\/2018\/02\/Ina-12-e1527601192236.jpg\" \/>\n<meta name=\"twitter:card\" content=\"summary_large_image\" \/>\n<meta name=\"twitter:label1\" content=\"Gesch\u00e4tzte Lesezeit\" \/>\n\t<meta name=\"twitter:data1\" content=\"3\u00a0Minuten\" \/>\n<script type=\"application\/ld+json\" class=\"yoast-schema-graph\">{\"@context\":\"https:\\\/\\\/schema.org\",\"@graph\":[{\"@type\":\"WebPage\",\"@id\":\"https:\\\/\\\/www.sp-mallorca.com\\\/wer-sind-wir\\\/\",\"url\":\"https:\\\/\\\/www.sp-mallorca.com\\\/wer-sind-wir\\\/\",\"name\":\"Wer sind Wir? - Steffek und Partner Immobilien SLU-Mallorca Immobilien Verkauf Vermietung S\u00fcdwesten Mallorca kaufen mieten\",\"isPartOf\":{\"@id\":\"https:\\\/\\\/www.sp-mallorca.com\\\/de\\\/#website\"},\"primaryImageOfPage\":{\"@id\":\"https:\\\/\\\/www.sp-mallorca.com\\\/wer-sind-wir\\\/#primaryimage\"},\"image\":{\"@id\":\"https:\\\/\\\/www.sp-mallorca.com\\\/wer-sind-wir\\\/#primaryimage\"},\"thumbnailUrl\":\"https:\\\/\\\/www.sp-mallorca.com\\\/wp-content\\\/uploads\\\/2018\\\/02\\\/Ina-12-e1527601192236.jpg\",\"datePublished\":\"2024-11-02T07:46:28+00:00\",\"dateModified\":\"2024-11-03T14:01:08+00:00\",\"description\":\"{:de}Profitieren Sie von unserer Erfahrung. Ich und mein Team werden Sie mit unserer Erfahrung und unserer Professionalit\u00e4t unterst\u00fctzen{:es}Profitieren Sie von unserer Erfahrung. Ich und mein Team werden Sie mit unserer Erfahrung und unserer Professionalit\u00e4t unterst\u00fctzen{:}\",\"breadcrumb\":{\"@id\":\"https:\\\/\\\/www.sp-mallorca.com\\\/wer-sind-wir\\\/#breadcrumb\"},\"inLanguage\":\"de\",\"potentialAction\":[{\"@type\":\"ReadAction\",\"target\":[\"https:\\\/\\\/www.sp-mallorca.com\\\/wer-sind-wir\\\/\"]}]},{\"@type\":\"ImageObject\",\"inLanguage\":\"de\",\"@id\":\"https:\\\/\\\/www.sp-mallorca.com\\\/wer-sind-wir\\\/#primaryimage\",\"url\":\"https:\\\/\\\/www.sp-mallorca.com\\\/wp-content\\\/uploads\\\/2018\\\/02\\\/Ina-12-e1527601192236.jpg\",\"contentUrl\":\"https:\\\/\\\/www.sp-mallorca.com\\\/wp-content\\\/uploads\\\/2018\\\/02\\\/Ina-12-e1527601192236.jpg\"},{\"@type\":\"BreadcrumbList\",\"@id\":\"https:\\\/\\\/www.sp-mallorca.com\\\/wer-sind-wir\\\/#breadcrumb\",\"itemListElement\":[{\"@type\":\"ListItem\",\"position\":1,\"name\":\"Startseite\",\"item\":\"https:\\\/\\\/www.sp-mallorca.com\\\/\"},{\"@type\":\"ListItem\",\"position\":2,\"name\":\"[:de]Wer sind Wir?[:en]Who are we?[:es]Quienes somos?[:]\"}]},{\"@type\":\"WebSite\",\"@id\":\"https:\\\/\\\/www.sp-mallorca.com\\\/de\\\/#website\",\"url\":\"https:\\\/\\\/www.sp-mallorca.com\\\/de\\\/\",\"name\":\"Steffek und Partner Immobilien SLU-Mallorca Immobilien Verkauf Vermietung S\u00fcdwesten Mallorca kaufen mieten\",\"description\":\"Mallorca Immobilien, Inmobiliaria, Real Estate, Verkauf und Vermietung, Makler Immobilienb\u00fcro, Agentur Mallorca S\u00fcdwest El Toro Calvi\u00e1 Spanien Spain, Immobilien Mallorca, g\u00fcnstige Immobilien Mallorca, Langzeitmiete Mallorca S\u00fcdwesten, Immobilien Mallorca S\u00fcdwest, Immobilien Mallorca mieten, Santa ponsa Immobilien kaufen. \u00a0 \u00a0\",\"potentialAction\":[{\"@type\":\"SearchAction\",\"target\":{\"@type\":\"EntryPoint\",\"urlTemplate\":\"https:\\\/\\\/www.sp-mallorca.com\\\/de\\\/?s={search_term_string}\"},\"query-input\":{\"@type\":\"PropertyValueSpecification\",\"valueRequired\":true,\"valueName\":\"search_term_string\"}}],\"inLanguage\":\"de\"}]}<\/script>\n<!-- \/ Yoast SEO plugin. -->","yoast_head_json":{"title":"Wer sind Wir? - Steffek und Partner Immobilien SLU-Mallorca Immobilien Verkauf Vermietung S\u00fcdwesten Mallorca kaufen mieten","description":"Profitieren Sie von unserer Erfahrung. Ich und mein Team werden Sie mit unserer Erfahrung und unserer Professionalit\u00e4t unterst\u00fctzen","robots":{"index":"index","follow":"follow","max-snippet":"max-snippet:-1","max-image-preview":"max-image-preview:large","max-video-preview":"max-video-preview:-1"},"canonical":"https:\/\/www.sp-mallorca.com\/wer-sind-wir\/","og_locale":"de_DE","og_type":"article","og_title":"Wer sind Wir? - Steffek und Partner Immobilien SLU-Mallorca Immobilien Verkauf Vermietung S\u00fcdwesten Mallorca kaufen mieten","og_description":"{:de}Profitieren Sie von unserer Erfahrung. Ich und mein Team werden Sie mit unserer Erfahrung und unserer Professionalit\u00e4t unterst\u00fctzen{:es}Profitieren Sie von unserer Erfahrung. Ich und mein Team werden Sie mit unserer Erfahrung und unserer Professionalit\u00e4t unterst\u00fctzen{:}","og_url":"https:\/\/www.sp-mallorca.com\/wer-sind-wir\/","og_site_name":"Steffek und Partner Immobilien SLU-Mallorca Immobilien Verkauf Vermietung S\u00fcdwesten Mallorca kaufen mieten","article_modified_time":"2024-11-03T14:01:08+00:00","og_image":[{"url":"https:\/\/www.sp-mallorca.com\/wp-content\/uploads\/2018\/02\/Ina-12-e1527601192236.jpg","type":"","width":"","height":""}],"twitter_card":"summary_large_image","twitter_misc":{"Gesch\u00e4tzte Lesezeit":"3\u00a0Minuten"},"schema":{"@context":"https:\/\/schema.org","@graph":[{"@type":"WebPage","@id":"https:\/\/www.sp-mallorca.com\/wer-sind-wir\/","url":"https:\/\/www.sp-mallorca.com\/wer-sind-wir\/","name":"Wer sind Wir? - Steffek und Partner Immobilien SLU-Mallorca Immobilien Verkauf Vermietung S\u00fcdwesten Mallorca kaufen mieten","isPartOf":{"@id":"https:\/\/www.sp-mallorca.com\/de\/#website"},"primaryImageOfPage":{"@id":"https:\/\/www.sp-mallorca.com\/wer-sind-wir\/#primaryimage"},"image":{"@id":"https:\/\/www.sp-mallorca.com\/wer-sind-wir\/#primaryimage"},"thumbnailUrl":"https:\/\/www.sp-mallorca.com\/wp-content\/uploads\/2018\/02\/Ina-12-e1527601192236.jpg","datePublished":"2024-11-02T07:46:28+00:00","dateModified":"2024-11-03T14:01:08+00:00","description":"{:de}Profitieren Sie von unserer Erfahrung. Ich und mein Team werden Sie mit unserer Erfahrung und unserer Professionalit\u00e4t unterst\u00fctzen{:es}Profitieren Sie von unserer Erfahrung. Ich und mein Team werden Sie mit unserer Erfahrung und unserer Professionalit\u00e4t unterst\u00fctzen{:}","breadcrumb":{"@id":"https:\/\/www.sp-mallorca.com\/wer-sind-wir\/#breadcrumb"},"inLanguage":"de","potentialAction":[{"@type":"ReadAction","target":["https:\/\/www.sp-mallorca.com\/wer-sind-wir\/"]}]},{"@type":"ImageObject","inLanguage":"de","@id":"https:\/\/www.sp-mallorca.com\/wer-sind-wir\/#primaryimage","url":"https:\/\/www.sp-mallorca.com\/wp-content\/uploads\/2018\/02\/Ina-12-e1527601192236.jpg","contentUrl":"https:\/\/www.sp-mallorca.com\/wp-content\/uploads\/2018\/02\/Ina-12-e1527601192236.jpg"},{"@type":"BreadcrumbList","@id":"https:\/\/www.sp-mallorca.com\/wer-sind-wir\/#breadcrumb","itemListElement":[{"@type":"ListItem","position":1,"name":"Startseite","item":"https:\/\/www.sp-mallorca.com\/"},{"@type":"ListItem","position":2,"name":"[:de]Wer sind Wir?[:en]Who are we?[:es]Quienes somos?[:]"}]},{"@type":"WebSite","@id":"https:\/\/www.sp-mallorca.com\/de\/#website","url":"https:\/\/www.sp-mallorca.com\/de\/","name":"Steffek und Partner Immobilien SLU-Mallorca Immobilien Verkauf Vermietung S\u00fcdwesten Mallorca kaufen mieten","description":"Mallorca Immobilien, Inmobiliaria, Real Estate, Verkauf und Vermietung, Makler Immobilienb\u00fcro, Agentur Mallorca S\u00fcdwest El Toro Calvi\u00e1 Spanien Spain, Immobilien Mallorca, g\u00fcnstige Immobilien Mallorca, Langzeitmiete Mallorca S\u00fcdwesten, Immobilien Mallorca S\u00fcdwest, Immobilien Mallorca mieten, Santa ponsa Immobilien kaufen. \u00a0 \u00a0","potentialAction":[{"@type":"SearchAction","target":{"@type":"EntryPoint","urlTemplate":"https:\/\/www.sp-mallorca.com\/de\/?s={search_term_string}"},"query-input":{"@type":"PropertyValueSpecification","valueRequired":true,"valueName":"search_term_string"}}],"inLanguage":"de"}]}},"_links":{"self":[{"href":"https:\/\/www.sp-mallorca.com\/de\/wp-json\/wp\/v2\/pages\/50","targetHints":{"allow":["GET"]}}],"collection":[{"href":"https:\/\/www.sp-mallorca.com\/de\/wp-json\/wp\/v2\/pages"}],"about":[{"href":"https:\/\/www.sp-mallorca.com\/de\/wp-json\/wp\/v2\/types\/page"}],"author":[{"embeddable":true,"href":"https:\/\/www.sp-mallorca.com\/de\/wp-json\/wp\/v2\/users\/7"}],"replies":[{"embeddable":true,"href":"https:\/\/www.sp-mallorca.com\/de\/wp-json\/wp\/v2\/comments?post=50"}],"version-history":[{"count":82,"href":"https:\/\/www.sp-mallorca.com\/de\/wp-json\/wp\/v2\/pages\/50\/revisions"}],"predecessor-version":[{"id":1018,"href":"https:\/\/www.sp-mallorca.com\/de\/wp-json\/wp\/v2\/pages\/50\/revisions\/1018"}],"wp:attachment":[{"href":"https:\/\/www.sp-mallorca.com\/de\/wp-json\/wp\/v2\/media?parent=50"}],"curies":[{"name":"wp","href":"https:\/\/api.w.org\/{rel}","templated":true}]}}